{"id":376,"date":"2018-07-09T10:51:40","date_gmt":"2018-07-09T08:51:40","guid":{"rendered":"http:\/\/www.acpm.cat\/quien-somos\/"},"modified":"2024-08-01T10:31:26","modified_gmt":"2024-08-01T08:31:26","slug":"qui-som","status":"publish","type":"page","link":"https:\/\/www.acpm.cat\/ca\/qui-som\/","title":{"rendered":"Qui som?"},"content":{"rendered":"<p>[vc_row css_animation=&#8221;&#8221; row_type=&#8221;row&#8221; use_row_as_full_screen_section=&#8221;no&#8221; type=&#8221;full_width&#8221; angled_section=&#8221;no&#8221; text_align=&#8221;left&#8221; background_image_as_pattern=&#8221;without_pattern&#8221; z_index=&#8221;&#8221;][vc_column][vc_column_text el_class=&#8221;section_title&#8221;]<\/p>\n<h1>Qui som?<strong><br \/>\n<\/strong><\/h1>\n<p>[\/vc_column_text][\/vc_column][\/vc_row][vc_row css_animation=&#8221;element_from_fade&#8221; row_type=&#8221;row&#8221; use_row_as_full_screen_section=&#8221;no&#8221; type=&#8221;grid&#8221; angled_section=&#8221;no&#8221; text_align=&#8221;left&#8221; background_image_as_pattern=&#8221;without_pattern&#8221; z_index=&#8221;&#8221; el_class=&#8221;quienes_intro&#8221;][vc_column][vc_column_text el_class=&#8221;acpm&#8221;]<\/p>\n<h2>ACPM<\/h2>\n<p>[\/vc_column_text][vc_row_inner row_type=&#8221;row&#8221; type=&#8221;full_width&#8221; text_align=&#8221;left&#8221; css_animation=&#8221;&#8221;][vc_column_inner width=&#8221;1\/2&#8243;][vc_column_text]<\/p>\n<p align=\"JUSTIFY\">Som una Associaci\u00f3 de professionals, sense \u00e0nim de lucre, que tenim l&#8217;objectiu de promoure la figura del Project Management en els diversos processos de l\u2019edificaci\u00f3, les infraestructures i l\u2019urbanisme principalment.<\/p>\n<p align=\"JUSTIFY\">El nostre objectiu motivador \u00e9s la difusi\u00f3 de la necessitat dels professionals de Direcci\u00f3 Integrada de Projectes per tal d\u2019aconseguir que, amb una bona planificaci\u00f3 dels diversos equips pluridisciplinaris, s\u2019acompleixin els prop\u00f2sits de l\u2019abast, els terminis i el cost de cada projecte.<\/p>\n<p>[\/vc_column_text][\/vc_column_inner][vc_column_inner width=&#8221;1\/2&#8243;][vc_column_text]<\/p>\n<p align=\"JUSTIFY\">Per aconseguir aquest objectiu realitzem tasques d\u2019assessorament a institucions p\u00fabliques i privades, organitzem activitats docents i culturals, difonem la professi\u00f3 en mitjans de comunicaci\u00f3 i representem el nostre col\u00b7lectiu davant les administracions p\u00fabliques i institucions privades.<\/p>\n<p align=\"JUSTIFY\">Cara als associats realitzem tasques d\u2019assessorament, tenim una borsa de treball i fomentem les sin\u00e8rgies entre els professionals amb l\u2019objectiu de promoure l\u2019\u00fas dels serveis i t\u00e8cniques apropiades de \u201cProject Management\u201d.<\/p>\n<p>[\/vc_column_text][\/vc_column_inner][\/vc_row_inner][\/vc_column][\/vc_row][vc_row css_animation=&#8221;&#8221; row_type=&#8221;row&#8221; use_row_as_full_screen_section=&#8221;no&#8221; type=&#8221;full_width&#8221; angled_section=&#8221;no&#8221; text_align=&#8221;left&#8221; background_image_as_pattern=&#8221;without_pattern&#8221;][vc_column][vc_separator type=&#8221;transparent&#8221; up=&#8221;60&#8243;][\/vc_column][\/vc_row][vc_row css_animation=&#8221;element_from_fade&#8221; row_type=&#8221;row&#8221; use_row_as_full_screen_section=&#8221;no&#8221; type=&#8221;grid&#8221; angled_section=&#8221;no&#8221; text_align=&#8221;left&#8221; background_image_as_pattern=&#8221;without_pattern&#8221; padding_bottom=&#8221;60&#8243; z_index=&#8221;&#8221; el_class=&#8221;junta_directiva&#8221;][vc_column width=&#8221;1\/2&#8243;][vc_column_text el_class=&#8221;junta_title&#8221;]Junta<br \/>\ndirectiva[\/vc_column_text][\/vc_column][vc_column width=&#8221;1\/2&#8243;]<div class=\"q_image_with_text_over one_half q_iwto_hover\"><div class=\"shader\" style = \"background-color: rgba(255,255,255,0.01)\"><\/div><div class=\"shader_hover\" style=\"background-color: rgba(255,102,23,0.52)\"><\/div><img decoding=\"async\" itemprop=\"image\" src=\"https:\/\/www.acpm.cat\/wp-content\/uploads\/2022\/07\/jordi_seguro.jpg\" alt=\"Jordi Segur\u00f3\" \/><div class=\"text\"><table><tr><td><h3 class=\"caption no_icon\" style=\"\">Jordi Segur\u00f3<\/h3><\/td><\/tr><\/table><table><tr><td><div class=\"desc\"><\/p>\n<h4>Jordi Segur\u00f3<\/h4>\n<p><strong>Presid\u00e8ncia<\/strong><\/div><\/td><\/tr><\/table><\/div><\/div><div class=\"q_image_with_text_over one_half q_iwto_hover\"><div class=\"shader\" style = \"background-color: rgba(255,255,255,0.01)\"><\/div><div class=\"shader_hover\" style=\"background-color: rgba(255,102,23,0.52)\"><\/div><img decoding=\"async\" itemprop=\"image\" src=\"https:\/\/www.acpm.cat\/wp-content\/uploads\/2018\/09\/carles.jpg\" alt=\"Carles B\u00e0guena\" \/><div class=\"text\"><table><tr><td><h3 class=\"caption no_icon\" style=\"\">Carles B\u00e0guena<\/h3><\/td><\/tr><\/table><table><tr><td><div class=\"desc\"><\/p>\n<h4>Carles B\u00e0guena<\/h4>\n<p><strong>Secretar\u00eda<\/strong><\/p>\n<p><span data-type=\"normal\"  class=\"qode_icon_shortcode  q_font_awsome_icon fa-3x  \" style=\" \"><a  itemprop=\"url\" href=\"https:\/\/www.linkedin.com\/in\/carles-b%C3%A0guena-maranges-876280a6\/\" target=\"_blank\"><i class=\"qode_icon_font_awesome fa fa-linkedin-square qode_icon_element\" style=\"color: #ffffff;\" ><\/i><\/a><\/span><\/div><\/td><\/tr><\/table><\/div><\/div><div class=\"q_image_with_text_over one_half q_iwto_hover\"><div class=\"shader\" style = \"background-color: rgba(255,255,255,0.01)\"><\/div><div class=\"shader_hover\" style=\"background-color: rgba(255,102,23,0.52)\"><\/div><img decoding=\"async\" itemprop=\"image\" src=\"https:\/\/www.acpm.cat\/wp-content\/uploads\/2022\/07\/Unique-Marite-Alonso.jpg\" alt=\"Marit\u00e9 Alonso\" \/><div class=\"text\"><table><tr><td><h3 class=\"caption no_icon\" style=\"\">Marit\u00e9 Alonso<\/h3><\/td><\/tr><\/table><table><tr><td><div class=\"desc\"><\/p>\n<h4>Marit\u00e9 Alonso<\/h4>\n<p><strong>Tresoreria<\/strong><\/p>\n<p><span data-type=\"normal\"  class=\"qode_icon_shortcode  q_font_awsome_icon fa-3x  \" style=\" \"><a  itemprop=\"url\" href=\"https:\/\/www.linkedin.com\/in\/marit\u00e9-alonso-argul-24069813\" target=\"_blank\"><i class=\"qode_icon_font_awesome fa fa-linkedin-square qode_icon_element\" style=\"color: #ffffff;\" ><\/i><\/a><\/span><\/div><\/td><\/tr><\/table><\/div><\/div><div class=\"q_image_with_text_over one_half q_iwto_hover\"><div class=\"shader\" style = \"background-color: rgba(255,255,255,0.01)\"><\/div><div class=\"shader_hover\" style=\"background-color: rgba(255,102,23,0.52)\"><\/div><img decoding=\"async\" itemprop=\"image\" src=\"https:\/\/www.acpm.cat\/wp-content\/uploads\/2018\/09\/isidre.jpg\" alt=\"Isidre Roca\" \/><div class=\"text\"><table><tr><td><h3 class=\"caption no_icon\" style=\"\">Isidre Roca<\/h3><\/td><\/tr><\/table><table><tr><td><div class=\"desc\"><\/p>\n<h4>Isidre Roca<\/h4>\n<p><strong>Vocalia 1<\/strong><\/p>\n<p><span data-type=\"normal\"  class=\"qode_icon_shortcode  q_font_awsome_icon fa-3x  \" style=\" \"><a  itemprop=\"url\" href=\"https:\/\/www.linkedin.com\/in\/isidre-roca-99130839\/\" target=\"_blank\"><i class=\"qode_icon_font_awesome fa fa-linkedin-square qode_icon_element\" style=\"color: #ffffff;\" ><\/i><\/a><\/span><\/div><\/td><\/tr><\/table><\/div><\/div><div class=\"q_image_with_text_over one_half q_iwto_hover\"><div class=\"shader\" style = \"background-color: rgba(255,255,255,0.01)\"><\/div><div class=\"shader_hover\" style=\"background-color: rgba(255,102,23,0.52)\"><\/div><img decoding=\"async\" itemprop=\"image\" src=\"https:\/\/www.acpm.cat\/wp-content\/uploads\/2020\/07\/eva_guerrero.jpg\" alt=\"Eva Guerrero\" \/><div class=\"text\"><table><tr><td><h3 class=\"caption no_icon\" style=\"\">Eva Guerrero<\/h3><\/td><\/tr><\/table><table><tr><td><div class=\"desc\"><\/p>\n<h4>Eva Guerrero<\/h4>\n<p><strong>Vocalia 2<\/strong><\/p>\n<p><span data-type=\"normal\"  class=\"qode_icon_shortcode  q_font_awsome_icon fa-3x  \" style=\" \"><a  itemprop=\"url\" href=\"https:\/\/www.linkedin.com\/in\/eva-guerrero-20325b62\/\" target=\"_blank\"><i class=\"qode_icon_font_awesome fa fa-linkedin-square qode_icon_element\" style=\"color: #ffffff;\" ><\/i><\/a><\/span><\/div><\/td><\/tr><\/table><\/div><\/div><div class=\"q_image_with_text_over one_half q_iwto_hover\"><div class=\"shader\" style = \"background-color: rgba(255,255,255,0.01)\"><\/div><div class=\"shader_hover\" style=\"background-color: rgba(255,102,23,0.52)\"><\/div><img decoding=\"async\" itemprop=\"image\" src=\"https:\/\/www.acpm.cat\/wp-content\/uploads\/2024\/08\/fernando_gilabert.jpg\" alt=\"Fernando Gilabert\" \/><div class=\"text\"><table><tr><td><h3 class=\"caption no_icon\" style=\"\">Fernando Gilabert<\/h3><\/td><\/tr><\/table><table><tr><td><div class=\"desc\"><\/p>\n<h4>Fernando Gilabert<\/h4>\n<p><strong>Vocalia 3<\/strong><\/p>\n<p><span data-type=\"normal\"  class=\"qode_icon_shortcode  q_font_awsome_icon fa-3x  \" style=\" \"><a  itemprop=\"url\" href=\"https:\/\/www.linkedin.com\/in\/fernando-gilabert-6321356a\/\" target=\"_blank\"><i class=\"qode_icon_font_awesome fa fa-linkedin-square qode_icon_element\" style=\"color: #ffffff;\" ><\/i><\/a><\/span><\/div><\/td><\/tr><\/table><\/div><\/div>[\/vc_column][\/vc_row][vc_row css_animation=&#8221;&#8221; row_type=&#8221;row&#8221; use_row_as_full_screen_section=&#8221;no&#8221; type=&#8221;full_width&#8221; angled_section=&#8221;no&#8221; text_align=&#8221;left&#8221; background_image_as_pattern=&#8221;without_pattern&#8221;][vc_column][vc_separator type=&#8221;transparent&#8221; up=&#8221;60&#8243;][\/vc_column][\/vc_row][vc_row css_animation=&#8221;element_from_fade&#8221; row_type=&#8221;row&#8221; use_row_as_full_screen_section=&#8221;no&#8221; type=&#8221;grid&#8221; angled_section=&#8221;no&#8221; text_align=&#8221;left&#8221; background_image_as_pattern=&#8221;without_pattern&#8221; padding_bottom=&#8221;60&#8243; z_index=&#8221;&#8221; el_class=&#8221;junta_directiva empleados&#8221;][vc_column width=&#8221;1\/2&#8243;][vc_column_text el_class=&#8221;junta_title&#8221;]Membres[\/vc_column_text][\/vc_column][vc_column width=&#8221;1\/2&#8243;]<div class='service_table_holder'><ul class='service_table_inner'><li class='service_table_title_holder background_color_type' style=''><div class='service_table_title_inner'><div class='service_table_title_inner2'><\/div><\/div><\/li><li class='service_table_content' style=''><\/p>\n<ul>\n<li style=\"text-align: left;\"><a href=\"https:\/\/www.linkedin.com\/in\/pere-castelltort-sales-a93b8732\/\" target=\"_blank\" rel=\"noopener noreferrer\">Pere Castelltort Sales<\/a><\/li>\n<li style=\"text-align: left;\"><a href=\"https:\/\/www.linkedin.com\/in\/antonio-flores-millat-a5299747\/\" target=\"_blank\" rel=\"noopener noreferrer\">Antonio Flores Millat<\/a><\/li>\n<li style=\"text-align: left;\"><a href=\"https:\/\/www.linkedin.com\/in\/llu%C3%ADs-gibernau-ponsa-41b3008a\/\" target=\"_blank\" rel=\"noopener noreferrer\">Llu\u00eds Gibernau Ponsa<\/a><\/li>\n<li style=\"text-align: left;\"><a href=\"https:\/\/www.linkedin.com\/in\/fernando-gilabert-6321356a\/\" target=\"_blank\" rel=\"noopener noreferrer\">Fernando Gilabert Garc\u00eda<\/a><\/li>\n<li style=\"text-align: left;\"><a href=\"https:\/\/www.linkedin.com\/in\/jorge-ma%C3%B1as-274a5137\/\" target=\"_blank\" rel=\"noopener noreferrer\">Jorge Juan Ma\u00f1as Ib\u00e1\u00f1ez<\/a><\/li>\n<li style=\"text-align: left;\"><a href=\"https:\/\/www.linkedin.com\/in\/antonimirandallopis\/\" target=\"_blank\" rel=\"noopener noreferrer\">Toni Miranda Llopis<\/a><\/li>\n<li style=\"text-align: left;\"><a href=\"https:\/\/www.linkedin.com\/in\/rogerorriolsarquitecte\/\" target=\"_blank\" rel=\"noopener noreferrer\">Roger Orriols Gil<\/a><\/li>\n<li style=\"text-align: left;\"><a href=\"https:\/\/www.linkedin.com\/in\/fabian-ostrovsky-0b436434\/\" target=\"_blank\" rel=\"noopener noreferrer\">Fabi\u00e1n Ostrosky Ninburg<\/a><\/li>\n<li style=\"text-align: left;\"><a href=\"https:\/\/www.linkedin.com\/in\/octavi-sanchez-inglada-6bb71299\/\" target=\"_blank\" rel=\"noopener noreferrer\">Octavi S\u00e1nchez Inglada<\/a><\/li>\n<li style=\"text-align: left;\"><a href=\"https:\/\/www.linkedin.com\/in\/silvia-soler-46b3a717\/\" target=\"_blank\" rel=\"noopener noreferrer\">S\u00edlvia Soler Casta\u00f1\u00e9<\/a><\/li>\n<li style=\"text-align: left;\"><a href=\"https:\/\/www.linkedin.com\/in\/monicavilacases\/\" target=\"_blank\" rel=\"noopener noreferrer\">M\u00f2nica Vila Cases<\/a><\/li>\n<li style=\"text-align: left;\"><a href=\"https:\/\/www.linkedin.com\/in\/patricia-de-acu%C3%B1a-rodr%C3%ADguez-b080366a\/\" target=\"_blank\" rel=\"noopener noreferrer\">Patricia De Acu\u00f1a<\/a><\/li>\n<\/ul>\n<p><\/li><\/ul><\/div>[\/vc_column][\/vc_row][vc_row css_animation=&#8221;element_from_fade&#8221; row_type=&#8221;row&#8221; use_row_as_full_screen_section=&#8221;no&#8221; type=&#8221;grid&#8221; angled_section=&#8221;no&#8221; text_align=&#8221;left&#8221; background_image_as_pattern=&#8221;without_pattern&#8221; z_index=&#8221;&#8221;][vc_column][vc_separator type=&#8221;normal&#8221; color=&#8221;#dddddd&#8221; thickness=&#8221;1&#8243; down=&#8221;60&#8243;][\/vc_column][\/vc_row][vc_row css_animation=&#8221;element_from_fade&#8221; row_type=&#8221;row&#8221; use_row_as_full_screen_section=&#8221;no&#8221; type=&#8221;grid&#8221; angled_section=&#8221;no&#8221; text_align=&#8221;left&#8221; background_image_as_pattern=&#8221;without_pattern&#8221; padding_bottom=&#8221;60&#8243; z_index=&#8221;&#8221; el_class=&#8221;estatutos&#8221;][vc_column width=&#8221;1\/2&#8243;][vc_column_text el_class=&#8221;junta_title&#8221;]Estatuts[\/vc_column_text][\/vc_column][vc_column width=&#8221;1\/2&#8243;][vc_column_text el_class=&#8221;estatutos_item&#8221;]<\/p>\n<h4>01. Assessorament<\/h4>\n<p>Assessorament a totes aquelles institucions o ens (amb \u00e0nim o sense \u00e0nim de lucre) que precisin informaci\u00f3 sobre la professi\u00f3 i la seva utilitat en institucions p\u00fabliques i privades i en els projectes que realitzen[\/vc_column_text][vc_column_text el_class=&#8221;estatutos_item&#8221;]<\/p>\n<h4>02. Difusi\u00f3 de la professi\u00f3<\/h4>\n<p>Difusi\u00f3 de la professi\u00f3 de Project Management a trav\u00e9s de mitjans de comunicaci\u00f3 social, ja sigui en publicacions especialitzades o de car\u00e0cter gen\u00e8ric.[\/vc_column_text][vc_column_text el_class=&#8221;estatutos_item&#8221;]<\/p>\n<h4>03. Assist\u00e8ncia<\/h4>\n<p>Assist\u00e8ncia i ajuda dels seus associats en l\u2019\u00e0mbit professional[\/vc_column_text]<a  itemprop=\"url\" href=\"http:\/\/www.acpm.cat\/wp-content\/uploads\/2018\/09\/Estatutos-ACPM.pdf\" target=\"_self\"  class=\"qbutton  default\" style=\"\">Descarregar Estatuts<\/a>[\/vc_column][\/vc_row]<\/p>\n","protected":false},"excerpt":{"rendered":"<p>[vc_row css_animation=&#8221;&#8221; row_type=&#8221;row&#8221; use_row_as_full_screen_section=&#8221;no&#8221; type=&#8221;full_width&#8221; angled_section=&#8221;no&#8221; text_align=&#8221;left&#8221; background_image_as_pattern=&#8221;without_pattern&#8221; z_index=&#8221;&#8221;][vc_column][vc_column_text el_class=&#8221;section_title&#8221;] Qui som? [\/vc_column_text][\/vc_column][\/vc_row][vc_row css_animation=&#8221;element_from_fade&#8221; row_type=&#8221;row&#8221; use_row_as_full_screen_section=&#8221;no&#8221; type=&#8221;grid&#8221; angled_section=&#8221;no&#8221; text_align=&#8221;left&#8221; background_image_as_pattern=&#8221;without_pattern&#8221; z_index=&#8221;&#8221; el_class=&#8221;quienes_intro&#8221;][vc_column][vc_column_text el_class=&#8221;acpm&#8221;] ACPM [\/vc_column_text][vc_row_inner row_type=&#8221;row&#8221; type=&#8221;full_width&#8221; text_align=&#8221;left&#8221; css_animation=&#8221;&#8221;][vc_column_inner width=&#8221;1\/2&#8243;][vc_column_text] Som una Associaci\u00f3 de professionals, sense \u00e0nim de lucre, que tenim l&#8217;objectiu de promoure la&#8230;<\/p>\n","protected":false},"author":4,"featured_media":0,"parent":0,"menu_order":0,"comment_status":"closed","ping_status":"closed","template":"full_width.php","meta":{"footnotes":""},"class_list":["post-376","page","type-page","status-publish","hentry"],"_links":{"self":[{"href":"https:\/\/www.acpm.cat\/ca\/wp-json\/wp\/v2\/pages\/376","targetHints":{"allow":["GET"]}}],"collection":[{"href":"https:\/\/www.acpm.cat\/ca\/wp-json\/wp\/v2\/pages"}],"about":[{"href":"https:\/\/www.acpm.cat\/ca\/wp-json\/wp\/v2\/types\/page"}],"author":[{"embeddable":true,"href":"https:\/\/www.acpm.cat\/ca\/wp-json\/wp\/v2\/users\/4"}],"replies":[{"embeddable":true,"href":"https:\/\/www.acpm.cat\/ca\/wp-json\/wp\/v2\/comments?post=376"}],"version-history":[{"count":9,"href":"https:\/\/www.acpm.cat\/ca\/wp-json\/wp\/v2\/pages\/376\/revisions"}],"predecessor-version":[{"id":1466,"href":"https:\/\/www.acpm.cat\/ca\/wp-json\/wp\/v2\/pages\/376\/revisions\/1466"}],"wp:attachment":[{"href":"https:\/\/www.acpm.cat\/ca\/wp-json\/wp\/v2\/media?parent=376"}],"curies":[{"name":"wp","href":"https:\/\/api.w.org\/{rel}","templated":true}]}}